{"version":"1.0","provider_name":"Alpha Sprachwelt","provider_url":"https:\/\/alphasprachwelt.ch\/fr\/","author_name":"Anja Davis","author_url":"https:\/\/alphasprachwelt.ch\/fr\/author\/adminalpha\/","title":"Perspectives \u00e9conomiques suisse 2025 par Marc Kreiker - Alpha Sprachwelt","type":"rich","width":600,"height":338,"html":"<blockquote class=\"wp-embedded-content\" data-secret=\"bSItVhEBCk\"><a href=\"https:\/\/alphasprachwelt.ch\/fr\/perspectives-economiques-suisse-2025-par-marc-kreiker\/\">Perspectives \u00e9conomiques suisse 2025 par Marc Kreiker<\/a><\/blockquote><iframe sandbox=\"allow-scripts\" security=\"restricted\" src=\"https:\/\/alphasprachwelt.ch\/fr\/perspectives-economiques-suisse-2025-par-marc-kreiker\/embed\/#?secret=bSItVhEBCk\" width=\"600\" height=\"338\" title=\"\u00ab\u00a0Perspectives \u00e9conomiques suisse 2025 par Marc Kreiker\u00a0\u00bb &#8212; Alpha Sprachwelt\" data-secret=\"bSItVhEBCk\" frameborder=\"0\" marginwidth=\"0\" marginheight=\"0\" scrolling=\"no\" class=\"wp-embedded-content\"><\/iframe><script>\n\/*! This file is auto-generated *\/\n!function(d,l){\"use strict\";l.querySelector&&d.addEventListener&&\"undefined\"!=typeof URL&&(d.wp=d.wp||{},d.wp.receiveEmbedMessage||(d.wp.receiveEmbedMessage=function(e){var t=e.data;if((t||t.secret||t.message||t.value)&&!\/[^a-zA-Z0-9]\/.test(t.secret)){for(var s,r,n,a=l.querySelectorAll('iframe[data-secret=\"'+t.secret+'\"]'),o=l.querySelectorAll('blockquote[data-secret=\"'+t.secret+'\"]'),c=new RegExp(\"^https?:$\",\"i\"),i=0;i<o.length;i++)o[i].style.display=\"none\";for(i=0;i<a.length;i++)s=a[i],e.source===s.contentWindow&&(s.removeAttribute(\"style\"),\"height\"===t.message?(1e3<(r=parseInt(t.value,10))?r=1e3:~~r<200&&(r=200),s.height=r):\"link\"===t.message&&(r=new URL(s.getAttribute(\"src\")),n=new URL(t.value),c.test(n.protocol))&&n.host===r.host&&l.activeElement===s&&(d.top.location.href=t.value))}},d.addEventListener(\"message\",d.wp.receiveEmbedMessage,!1),l.addEventListener(\"DOMContentLoaded\",function(){for(var e,t,s=l.querySelectorAll(\"iframe.wp-embedded-content\"),r=0;r<s.length;r++)(t=(e=s[r]).getAttribute(\"data-secret\"))||(t=Math.random().toString(36).substring(2,12),e.src+=\"#?secret=\"+t,e.setAttribute(\"data-secret\",t)),e.contentWindow.postMessage({message:\"ready\",secret:t},\"*\")},!1)))}(window,document);\n\/\/# sourceURL=https:\/\/alphasprachwelt.ch\/wp-includes\/js\/wp-embed.min.js\n<\/script>\n","thumbnail_url":"https:\/\/alphasprachwelt.ch\/wp-content\/uploads\/2025\/08\/marckreiker-zurich.webp","thumbnail_width":1280,"thumbnail_height":720,"description":"Les perspectives \u00e9conomiques suisse 2025 s\u2019imposent comme un sujet central pour les investisseurs et d\u00e9cideurs alors que le pays navigue entre incertitudes mondiales et transformations internes. Cette ann\u00e9e, la Suisse se trouve \u00e0 la crois\u00e9e des chemins : r\u00e9siliente mais confront\u00e9e \u00e0 de nouveaux d\u00e9fis, innovante mais prudente. Dans cette analyse, je vous propose un ... Lire la suite"}