{"id":1252,"date":"2023-06-07T01:28:14","date_gmt":"2023-06-07T01:28:14","guid":{"rendered":"https:\/\/alphasprachwelt.ch\/accueil\/"},"modified":"2025-08-20T08:35:35","modified_gmt":"2025-08-20T08:35:35","slug":"accueil","status":"publish","type":"page","link":"https:\/\/alphasprachwelt.ch\/fr\/","title":{"rendered":"Accueil"},"content":{"rendered":"<section class=\"gb-container gb-container-a127074a\">\n<div class=\"gb-grid-wrapper gb-grid-wrapper-191dd83a\">\n<div class=\"gb-grid-column gb-grid-column-55c55220\"><section class=\"gb-container gb-container-55c55220\">\n\n<div class=\"gb-grid-wrapper gb-grid-wrapper-7e5e2494 gb-query-loop-wrapper\">\n<div class=\"gb-grid-column gb-grid-column-ba09f40c gb-query-loop-item post-1266 post type-post status-publish format-standard has-post-thumbnail hentry category-suisse\"><article class=\"gb-container gb-container-ba09f40c\">\n<div class=\"gb-container gb-container-9ee491ff\">\n<p class=\"gb-headline gb-headline-397ee59b gb-headline-text\"><time class=\"entry-date published\" datetime=\"2025-08-21T09:01:51+00:00\">ao\u00fbt 21, 2025<\/time><\/p>\n\n<div class=\"gb-container gb-container-35ff4da0\"><\/div>\n<\/div>\n\n<h2 class=\"gb-headline gb-headline-c4917338 gb-headline-text\"><a href=\"https:\/\/alphasprachwelt.ch\/fr\/perspectives-economiques-suisse-2025-par-marc-kreiker\/\">Perspectives \u00e9conomiques suisse 2025 par Marc Kreiker<\/a><\/h2>\n\n<p class=\"gb-headline gb-headline-2831661c gb-headline-text\"><a href=\"https:\/\/alphasprachwelt.ch\/fr\/author\/adminalpha\/\">Anja Davis<\/a><\/p>\n<\/article><\/div>\n\n<div class=\"gb-grid-column gb-grid-column-ba09f40c gb-query-loop-item post-1244 post type-post status-publish format-standard has-post-thumbnail hentry category-suisse\"><article class=\"gb-container gb-container-ba09f40c\">\n<div class=\"gb-container gb-container-9ee491ff\">\n<p class=\"gb-headline gb-headline-397ee59b gb-headline-text\"><time class=\"entry-date published\" datetime=\"2023-09-04T09:30:09+00:00\">septembre 4, 2023<\/time><\/p>\n\n<div class=\"gb-container gb-container-35ff4da0\"><\/div>\n<\/div>\n\n<h2 class=\"gb-headline gb-headline-c4917338 gb-headline-text\"><a href=\"https:\/\/alphasprachwelt.ch\/fr\/les-preoccupations-concernant-le-climat-appartiennent-au-passe-les-suisses-se-soucient-desormais-davantage-de-linflation\/\">Les pr\u00e9occupations concernant le climat appartiennent au pass\u00e9 : les Suisses se soucient d\u00e9sormais davantage de l&rsquo;inflation.<\/a><\/h2>\n\n<p class=\"gb-headline gb-headline-2831661c gb-headline-text\"><a href=\"https:\/\/alphasprachwelt.ch\/fr\/author\/adminalpha\/\">Anja Davis<\/a><\/p>\n<\/article><\/div>\n\n<div class=\"gb-grid-column gb-grid-column-ba09f40c gb-query-loop-item post-1242 post type-post status-publish format-standard has-post-thumbnail hentry category-numerique\"><article class=\"gb-container gb-container-ba09f40c\">\n<div class=\"gb-container gb-container-9ee491ff\">\n<p class=\"gb-headline gb-headline-397ee59b gb-headline-text\"><time class=\"entry-date published\" datetime=\"2023-09-01T09:35:30+00:00\">septembre 1, 2023<\/time><\/p>\n\n<div class=\"gb-container gb-container-35ff4da0\"><\/div>\n<\/div>\n\n<h2 class=\"gb-headline gb-headline-c4917338 gb-headline-text\"><a href=\"https:\/\/alphasprachwelt.ch\/fr\/quiconque-ouvre-ces-e-mails-est-espionne\/\">Quiconque ouvre ces e-mails est espionn\u00e9<\/a><\/h2>\n\n<p class=\"gb-headline gb-headline-2831661c gb-headline-text\"><a href=\"https:\/\/alphasprachwelt.ch\/fr\/author\/adminalpha\/\">Anja Davis<\/a><\/p>\n<\/article><\/div>\n\n<div class=\"gb-grid-column gb-grid-column-ba09f40c gb-query-loop-item post-1238 post type-post status-publish format-standard has-post-thumbnail hentry category-suisse\"><article class=\"gb-container gb-container-ba09f40c\">\n<div class=\"gb-container gb-container-9ee491ff\">\n<p class=\"gb-headline gb-headline-397ee59b gb-headline-text\"><time class=\"entry-date published\" datetime=\"2023-08-31T09:18:00+00:00\">ao\u00fbt 31, 2023<\/time><\/p>\n\n<div class=\"gb-container gb-container-35ff4da0\"><\/div>\n<\/div>\n\n<h2 class=\"gb-headline gb-headline-c4917338 gb-headline-text\"><a href=\"https:\/\/alphasprachwelt.ch\/fr\/des-mineurs-auraient-mis-le-feu-a-une-ecole-primaire-a-geneve\/\">Des mineurs auraient mis le feu \u00e0 une \u00e9cole primaire \u00e0 Gen\u00e8ve<\/a><\/h2>\n\n<p class=\"gb-headline gb-headline-2831661c gb-headline-text\"><a href=\"https:\/\/alphasprachwelt.ch\/fr\/author\/adminalpha\/\">Anja Davis<\/a><\/p>\n<\/article><\/div>\n\n<div class=\"gb-grid-column gb-grid-column-ba09f40c gb-query-loop-item post-1240 post type-post status-publish format-standard has-post-thumbnail hentry category-suisse\"><article class=\"gb-container gb-container-ba09f40c\">\n<div class=\"gb-container gb-container-9ee491ff\">\n<p class=\"gb-headline gb-headline-397ee59b gb-headline-text\"><time class=\"entry-date published\" datetime=\"2023-08-30T13:12:00+00:00\">ao\u00fbt 30, 2023<\/time><\/p>\n\n<div class=\"gb-container gb-container-35ff4da0\"><\/div>\n<\/div>\n\n<h2 class=\"gb-headline gb-headline-c4917338 gb-headline-text\"><a href=\"https:\/\/alphasprachwelt.ch\/fr\/decouvrez-les-avantages-daccessoires-dequitation-et-daliments-pour-chevaux-de-haute-qualite\/\">D\u00e9couvrez les avantages d&rsquo;accessoires d&rsquo;\u00e9quitation et d&rsquo;aliments pour chevaux de haute qualit\u00e9.<\/a><\/h2>\n\n<p class=\"gb-headline gb-headline-2831661c gb-headline-text\"><a href=\"https:\/\/alphasprachwelt.ch\/fr\/author\/adminalpha\/\">Anja Davis<\/a><\/p>\n<\/article><\/div>\n\n<div class=\"gb-grid-column gb-grid-column-ba09f40c gb-query-loop-item post-1250 post type-post status-publish format-standard has-post-thumbnail hentry category-suisse\"><article class=\"gb-container gb-container-ba09f40c\">\n<div class=\"gb-container gb-container-9ee491ff\">\n<p class=\"gb-headline gb-headline-397ee59b gb-headline-text\"><time class=\"entry-date published\" datetime=\"2023-08-25T09:40:00+00:00\">ao\u00fbt 25, 2023<\/time><\/p>\n\n<div class=\"gb-container gb-container-35ff4da0\"><\/div>\n<\/div>\n\n<h2 class=\"gb-headline gb-headline-c4917338 gb-headline-text\"><a href=\"https:\/\/alphasprachwelt.ch\/fr\/a-zurich-un-serveur-gagne-16-500-francs-par-mois-comment-est-ce-possible\/\">\u00c0 Zurich, un serveur gagne 16\u202f500 francs par mois. Comment est-ce possible\u202f?<\/a><\/h2>\n\n<p class=\"gb-headline gb-headline-2831661c gb-headline-text\"><a href=\"https:\/\/alphasprachwelt.ch\/fr\/author\/adminalpha\/\">Anja Davis<\/a><\/p>\n<\/article><\/div>\n<\/div>\n\n<\/section><\/div>\n\n<div class=\"gb-grid-column gb-grid-column-97a0d26a\"><section class=\"gb-container gb-container-97a0d26a\">\n\n<div class=\"gb-grid-wrapper gb-grid-wrapper-d21a15ca gb-query-loop-wrapper\">\n<div class=\"gb-grid-column gb-grid-column-3f272286 gb-query-loop-item post-1244 post type-post status-publish format-standard has-post-thumbnail hentry category-suisse\"><article class=\"gb-container gb-container-3f272286\">\n<figure class=\"gb-block-image gb-block-image-33b45d01\"><a href=\"https:\/\/alphasprachwelt.ch\/fr\/les-preoccupations-concernant-le-climat-appartiennent-au-passe-les-suisses-se-soucient-desormais-davantage-de-linflation\/\"><img loading=\"lazy\" decoding=\"async\" width=\"1024\" height=\"683\" src=\"https:\/\/alphasprachwelt.ch\/wp-content\/uploads\/2023\/09\/Schweizer-mehr-Gedanken-uber-die-Inflation-1024x683.jpg\" class=\"gb-image-33b45d01\" alt=\"\" srcset=\"https:\/\/alphasprachwelt.ch\/wp-content\/uploads\/2023\/09\/Schweizer-mehr-Gedanken-uber-die-Inflation-1024x683.jpg 1024w, https:\/\/alphasprachwelt.ch\/wp-content\/uploads\/2023\/09\/Schweizer-mehr-Gedanken-uber-die-Inflation-300x200.jpg 300w, https:\/\/alphasprachwelt.ch\/wp-content\/uploads\/2023\/09\/Schweizer-mehr-Gedanken-uber-die-Inflation-768x512.jpg 768w, https:\/\/alphasprachwelt.ch\/wp-content\/uploads\/2023\/09\/Schweizer-mehr-Gedanken-uber-die-Inflation-1536x1025.jpg 1536w, https:\/\/alphasprachwelt.ch\/wp-content\/uploads\/2023\/09\/Schweizer-mehr-Gedanken-uber-die-Inflation.jpg 1920w\" sizes=\"auto, (max-width: 1024px) 100vw, 1024px\" \/><\/a><\/figure>\n\n<div class=\"gb-container gb-container-f082c771\">\n<div class=\"gb-container gb-container-09855735\">\n<div class=\"gb-container gb-container-1021ee22\">\n<p class=\"gb-headline gb-headline-4ce4b8b7 gb-headline-text\"><time class=\"entry-date published\" datetime=\"2023-09-04T09:30:09+00:00\">septembre 4, 2023<\/time><\/p>\n\n<a class=\"gb-button gb-button-148fe0be gb-button-text post-term-item post-term-suisse\" href=\"https:\/\/alphasprachwelt.ch\/fr\/suisse\/\">Suisse<\/a>\n<\/div>\n\n<div class=\"gb-container gb-container-3b5f6f96\">\n<h2 class=\"gb-headline gb-headline-993af1ae gb-headline-text\"><a href=\"https:\/\/alphasprachwelt.ch\/fr\/les-preoccupations-concernant-le-climat-appartiennent-au-passe-les-suisses-se-soucient-desormais-davantage-de-linflation\/\">Les pr\u00e9occupations concernant le climat appartiennent au pass\u00e9 : les Suisses se soucient d\u00e9sormais davantage de l&rsquo;inflation.<\/a><\/h2>\n\n<p class=\"gb-headline gb-headline-9d26b0dc gb-headline-text\"><a href=\"https:\/\/alphasprachwelt.ch\/fr\/author\/adminalpha\/\">Anja Davis<\/a><\/p>\n<\/div>\n<\/div>\n\n<div class=\"gb-container gb-container-ecb5e10d\">\n<p class=\"gb-headline gb-headline-e8f35ea4 gb-headline-text\">Il y a six mois, le climat \u00e9tait la principale pr\u00e9occupation des habitants de Suisse : avec 39 % des 1774 personnes interrog\u00e9es, la plupart citaient la pollution environnementale et le changement climatique comme les domaines qui les angoissaient le plus pour l&rsquo;avenir. C&rsquo;est ce qui ressort d&rsquo;une \u00e9tude de gfs.bern, command\u00e9e \u00e0 l&rsquo;\u00e9poque par &#8230; <a title=\"Les pr\u00e9occupations concernant le climat appartiennent au pass\u00e9 : les Suisses se soucient d\u00e9sormais davantage de l&rsquo;inflation.\" class=\"read-more\" href=\"https:\/\/alphasprachwelt.ch\/fr\/les-preoccupations-concernant-le-climat-appartiennent-au-passe-les-suisses-se-soucient-desormais-davantage-de-linflation\/\" aria-label=\"En savoir plus sur Les pr\u00e9occupations concernant le climat appartiennent au pass\u00e9 : les Suisses se soucient d\u00e9sormais davantage de l&rsquo;inflation.\">Lire la suite<\/a><\/p>\n\n\n<\/div>\n<\/div>\n<\/article><\/div>\n<\/div>\n\n\n\n<div class=\"gb-grid-wrapper gb-grid-wrapper-1d3436f3 gb-query-loop-wrapper\">\n<div class=\"gb-grid-column gb-grid-column-c98f83d4 gb-query-loop-item post-1238 post type-post status-publish format-standard has-post-thumbnail hentry category-suisse\"><article class=\"gb-container gb-container-c98f83d4\">\n<figure class=\"gb-block-image gb-block-image-8cb1fccd\"><a href=\"https:\/\/alphasprachwelt.ch\/fr\/des-mineurs-auraient-mis-le-feu-a-une-ecole-primaire-a-geneve\/\"><img loading=\"lazy\" decoding=\"async\" width=\"838\" height=\"559\" src=\"https:\/\/alphasprachwelt.ch\/wp-content\/uploads\/2023\/09\/0kvHNjjn4aq9-Yl0vRM7mM.webp\" class=\"gb-image-8cb1fccd\" alt=\"\" srcset=\"https:\/\/alphasprachwelt.ch\/wp-content\/uploads\/2023\/09\/0kvHNjjn4aq9-Yl0vRM7mM.webp 838w, https:\/\/alphasprachwelt.ch\/wp-content\/uploads\/2023\/09\/0kvHNjjn4aq9-Yl0vRM7mM-300x200.webp 300w, https:\/\/alphasprachwelt.ch\/wp-content\/uploads\/2023\/09\/0kvHNjjn4aq9-Yl0vRM7mM-768x512.webp 768w\" sizes=\"auto, (max-width: 838px) 100vw, 838px\" \/><\/a><\/figure>\n\n<div class=\"gb-container gb-container-1618b1fb\">\n<p class=\"gb-headline gb-headline-ca936266 gb-headline-text\"><time class=\"entry-date published\" datetime=\"2023-08-31T09:18:00+00:00\">ao\u00fbt 31, 2023<\/time><\/p>\n\n<div class=\"gb-container gb-container-ee8d9729\">\n<a class=\"gb-button gb-button-211e755d gb-button-text post-term-item post-term-suisse\" href=\"https:\/\/alphasprachwelt.ch\/fr\/suisse\/\">Suisse<\/a>\n<\/div>\n<\/div>\n\n<h2 class=\"gb-headline gb-headline-5bb81905 gb-headline-text\"><a href=\"https:\/\/alphasprachwelt.ch\/fr\/des-mineurs-auraient-mis-le-feu-a-une-ecole-primaire-a-geneve\/\">Des mineurs auraient mis le feu \u00e0 une \u00e9cole primaire \u00e0 Gen\u00e8ve<\/a><\/h2>\n\n<p class=\"gb-headline gb-headline-ed8f9096 gb-headline-text\">Anja Davis<\/p>\n\n<p class=\"gb-headline gb-headline-5c3281ac gb-headline-text\">Dans la nuit de mardi \u00e0 mercredi, un incendie a d\u00e9truit la fa\u00e7ade d&rsquo;une \u00e9cole primaire \u00e0 Vernier GE. L&rsquo;\u00e9cole accueille 19 classes. Des solutions doivent \u00eatre trouv\u00e9es pour les \u00e9l\u00e8ves concern\u00e9s avant le d\u00e9but de la nouvelle ann\u00e9e scolaire. La police genevoise a arr\u00eat\u00e9 mardi trois mineurs soup\u00e7onn\u00e9s d&rsquo;\u00eatre impliqu\u00e9s dans l&rsquo;incendie de l&rsquo;\u00e9cole &#8230; <a title=\"Des mineurs auraient mis le feu \u00e0 une \u00e9cole primaire \u00e0 Gen\u00e8ve\" class=\"read-more\" href=\"https:\/\/alphasprachwelt.ch\/fr\/des-mineurs-auraient-mis-le-feu-a-une-ecole-primaire-a-geneve\/\" aria-label=\"En savoir plus sur Des mineurs auraient mis le feu \u00e0 une \u00e9cole primaire \u00e0 Gen\u00e8ve\">Lire la suite<\/a><\/p>\n\n\n<\/article><\/div>\n\n<div class=\"gb-grid-column gb-grid-column-c98f83d4 gb-query-loop-item post-1240 post type-post status-publish format-standard has-post-thumbnail hentry category-suisse\"><article class=\"gb-container gb-container-c98f83d4\">\n<figure class=\"gb-block-image gb-block-image-8cb1fccd\"><a href=\"https:\/\/alphasprachwelt.ch\/fr\/decouvrez-les-avantages-daccessoires-dequitation-et-daliments-pour-chevaux-de-haute-qualite\/\"><img loading=\"lazy\" decoding=\"async\" width=\"1024\" height=\"683\" src=\"https:\/\/alphasprachwelt.ch\/wp-content\/uploads\/2023\/09\/Entdecken-Sie-die-Vorteile-von-hochwertigem-Reitsportzubehor-und-Pferdefutter-1024x683.jpg\" class=\"gb-image-8cb1fccd\" alt=\"\" srcset=\"https:\/\/alphasprachwelt.ch\/wp-content\/uploads\/2023\/09\/Entdecken-Sie-die-Vorteile-von-hochwertigem-Reitsportzubehor-und-Pferdefutter-1024x683.jpg 1024w, https:\/\/alphasprachwelt.ch\/wp-content\/uploads\/2023\/09\/Entdecken-Sie-die-Vorteile-von-hochwertigem-Reitsportzubehor-und-Pferdefutter-300x200.jpg 300w, https:\/\/alphasprachwelt.ch\/wp-content\/uploads\/2023\/09\/Entdecken-Sie-die-Vorteile-von-hochwertigem-Reitsportzubehor-und-Pferdefutter-768x512.jpg 768w, https:\/\/alphasprachwelt.ch\/wp-content\/uploads\/2023\/09\/Entdecken-Sie-die-Vorteile-von-hochwertigem-Reitsportzubehor-und-Pferdefutter-1536x1024.jpg 1536w, https:\/\/alphasprachwelt.ch\/wp-content\/uploads\/2023\/09\/Entdecken-Sie-die-Vorteile-von-hochwertigem-Reitsportzubehor-und-Pferdefutter.jpg 1920w\" sizes=\"auto, (max-width: 1024px) 100vw, 1024px\" \/><\/a><\/figure>\n\n<div class=\"gb-container gb-container-1618b1fb\">\n<p class=\"gb-headline gb-headline-ca936266 gb-headline-text\"><time class=\"entry-date published\" datetime=\"2023-08-30T13:12:00+00:00\">ao\u00fbt 30, 2023<\/time><\/p>\n\n<div class=\"gb-container gb-container-ee8d9729\">\n<a class=\"gb-button gb-button-211e755d gb-button-text post-term-item post-term-suisse\" href=\"https:\/\/alphasprachwelt.ch\/fr\/suisse\/\">Suisse<\/a>\n<\/div>\n<\/div>\n\n<h2 class=\"gb-headline gb-headline-5bb81905 gb-headline-text\"><a href=\"https:\/\/alphasprachwelt.ch\/fr\/decouvrez-les-avantages-daccessoires-dequitation-et-daliments-pour-chevaux-de-haute-qualite\/\">D\u00e9couvrez les avantages d&rsquo;accessoires d&rsquo;\u00e9quitation et d&rsquo;aliments pour chevaux de haute qualit\u00e9.<\/a><\/h2>\n\n<p class=\"gb-headline gb-headline-ed8f9096 gb-headline-text\">Anja Davis<\/p>\n\n<p class=\"gb-headline gb-headline-5c3281ac gb-headline-text\">Les bons accessoires d&rsquo;\u00e9quitation jouent un r\u00f4le essentiel pour les cavaliers et les chevaux, afin d&rsquo;obtenir les meilleures performances tout en \u00e9tant en s\u00e9curit\u00e9 et confortables. Que vous soyez un cavalier exp\u00e9riment\u00e9 ou que vous d\u00e9butiez, des accessoires d&rsquo;\u00e9quitation de haute qualit\u00e9 sont indispensables. Voici quelques caract\u00e9ristiques et avantages uniques qui vous aideront \u00e0 prendre &#8230; <a title=\"D\u00e9couvrez les avantages d&rsquo;accessoires d&rsquo;\u00e9quitation et d&rsquo;aliments pour chevaux de haute qualit\u00e9.\" class=\"read-more\" href=\"https:\/\/alphasprachwelt.ch\/fr\/decouvrez-les-avantages-daccessoires-dequitation-et-daliments-pour-chevaux-de-haute-qualite\/\" aria-label=\"En savoir plus sur D\u00e9couvrez les avantages d&rsquo;accessoires d&rsquo;\u00e9quitation et d&rsquo;aliments pour chevaux de haute qualit\u00e9.\">Lire la suite<\/a><\/p>\n\n\n<\/article><\/div>\n<\/div>\n\n<\/section><\/div>\n\n<div class=\"gb-grid-column gb-grid-column-bdf9fec1\"><section class=\"gb-container gb-container-bdf9fec1\">\n\n<div class=\"gb-grid-wrapper gb-grid-wrapper-ede072d6 gb-query-loop-wrapper\">\n<div class=\"gb-grid-column gb-grid-column-cddbd4bf gb-query-loop-item post-1250 post type-post status-publish format-standard has-post-thumbnail hentry category-suisse\"><article class=\"gb-container gb-container-cddbd4bf\">\n<figure class=\"gb-block-image gb-block-image-9a71f806\"><a href=\"https:\/\/alphasprachwelt.ch\/fr\/a-zurich-un-serveur-gagne-16-500-francs-par-mois-comment-est-ce-possible\/\"><img loading=\"lazy\" decoding=\"async\" width=\"1024\" height=\"681\" src=\"https:\/\/alphasprachwelt.ch\/wp-content\/uploads\/2023\/09\/In-Zurich-verdient-ein-Kellner-16.500-Franken-pro-Monat-1024x681.jpg\" class=\"gb-image-9a71f806\" alt=\"\" srcset=\"https:\/\/alphasprachwelt.ch\/wp-content\/uploads\/2023\/09\/In-Zurich-verdient-ein-Kellner-16.500-Franken-pro-Monat-1024x681.jpg 1024w, https:\/\/alphasprachwelt.ch\/wp-content\/uploads\/2023\/09\/In-Zurich-verdient-ein-Kellner-16.500-Franken-pro-Monat-300x199.jpg 300w, https:\/\/alphasprachwelt.ch\/wp-content\/uploads\/2023\/09\/In-Zurich-verdient-ein-Kellner-16.500-Franken-pro-Monat-768x510.jpg 768w, https:\/\/alphasprachwelt.ch\/wp-content\/uploads\/2023\/09\/In-Zurich-verdient-ein-Kellner-16.500-Franken-pro-Monat-1536x1021.jpg 1536w, https:\/\/alphasprachwelt.ch\/wp-content\/uploads\/2023\/09\/In-Zurich-verdient-ein-Kellner-16.500-Franken-pro-Monat.jpg 1920w\" sizes=\"auto, (max-width: 1024px) 100vw, 1024px\" \/><\/a><\/figure>\n\n<div class=\"gb-container gb-container-34733089\">\n<p class=\"gb-headline gb-headline-8b9307e2 gb-headline-text\"><time class=\"entry-date published\" datetime=\"2023-08-25T09:40:00+00:00\">ao\u00fbt 25, 2023<\/time><\/p>\n\n<a class=\"gb-button gb-button-edd06320 gb-button-text post-term-item post-term-suisse\" href=\"https:\/\/alphasprachwelt.ch\/fr\/suisse\/\">Suisse<\/a>\n<\/div>\n\n<h2 class=\"gb-headline gb-headline-84c460cc gb-headline-text\"><a href=\"https:\/\/alphasprachwelt.ch\/fr\/a-zurich-un-serveur-gagne-16-500-francs-par-mois-comment-est-ce-possible\/\">\u00c0 Zurich, un serveur gagne 16\u202f500 francs par mois. Comment est-ce possible\u202f?<\/a><\/h2>\n\n<p class=\"gb-headline gb-headline-20eaa387 gb-headline-text\"><a href=\"https:\/\/alphasprachwelt.ch\/fr\/author\/adminalpha\/\">Anja Davis<\/a><\/p>\n\n<p class=\"gb-headline gb-headline-cee640fe gb-headline-text\">Beaucoup de chefs et de jeunes dipl\u00f4m\u00e9s seront envieux\u202f: en juin, un employ\u00e9 de service dans un restaurant au bord du lac de Zurich a gagn\u00e9 16\u202f500 francs. gagn\u00e9s. Et ce, dans un m\u00e9tier o\u00f9 le salaire moyen en Suisse est d\u2019un peu moins de 4\u202f000 francs. se situe. Comment une telle chose est-elle possible\u202f? &#8230; <a title=\"\u00c0 Zurich, un serveur gagne 16\u202f500 francs par mois. Comment est-ce possible\u202f?\" class=\"read-more\" href=\"https:\/\/alphasprachwelt.ch\/fr\/a-zurich-un-serveur-gagne-16-500-francs-par-mois-comment-est-ce-possible\/\" aria-label=\"En savoir plus sur \u00c0 Zurich, un serveur gagne 16\u202f500 francs par mois. Comment est-ce possible\u202f?\">Lire la suite<\/a><\/p>\n<\/article><\/div>\n\n<div class=\"gb-grid-column gb-grid-column-cddbd4bf gb-query-loop-item post-1248 post type-post status-publish format-standard has-post-thumbnail hentry category-suisse\"><article class=\"gb-container gb-container-cddbd4bf\">\n<figure class=\"gb-block-image gb-block-image-9a71f806\"><a href=\"https:\/\/alphasprachwelt.ch\/fr\/et-quen-est-il-de-nos-enfants\/\"><img loading=\"lazy\" decoding=\"async\" width=\"1024\" height=\"683\" src=\"https:\/\/alphasprachwelt.ch\/wp-content\/uploads\/2023\/09\/Und-was-ist-mit-unseren-Kindern-1024x683.jpg\" class=\"gb-image-9a71f806\" alt=\"\" srcset=\"https:\/\/alphasprachwelt.ch\/wp-content\/uploads\/2023\/09\/Und-was-ist-mit-unseren-Kindern-1024x683.jpg 1024w, https:\/\/alphasprachwelt.ch\/wp-content\/uploads\/2023\/09\/Und-was-ist-mit-unseren-Kindern-300x200.jpg 300w, https:\/\/alphasprachwelt.ch\/wp-content\/uploads\/2023\/09\/Und-was-ist-mit-unseren-Kindern-768x512.jpg 768w, https:\/\/alphasprachwelt.ch\/wp-content\/uploads\/2023\/09\/Und-was-ist-mit-unseren-Kindern-1536x1024.jpg 1536w, https:\/\/alphasprachwelt.ch\/wp-content\/uploads\/2023\/09\/Und-was-ist-mit-unseren-Kindern.jpg 1920w\" sizes=\"auto, (max-width: 1024px) 100vw, 1024px\" \/><\/a><\/figure>\n\n<div class=\"gb-container gb-container-34733089\">\n<p class=\"gb-headline gb-headline-8b9307e2 gb-headline-text\"><time class=\"entry-date published\" datetime=\"2023-08-10T09:49:00+00:00\">ao\u00fbt 10, 2023<\/time><\/p>\n\n<a class=\"gb-button gb-button-edd06320 gb-button-text post-term-item post-term-suisse\" href=\"https:\/\/alphasprachwelt.ch\/fr\/suisse\/\">Suisse<\/a>\n<\/div>\n\n<h2 class=\"gb-headline gb-headline-84c460cc gb-headline-text\"><a href=\"https:\/\/alphasprachwelt.ch\/fr\/et-quen-est-il-de-nos-enfants\/\">Et qu&rsquo;en est-il de nos enfants&nbsp;?<\/a><\/h2>\n\n<p class=\"gb-headline gb-headline-20eaa387 gb-headline-text\"><a href=\"https:\/\/alphasprachwelt.ch\/fr\/author\/adminalpha\/\">Anja Davis<\/a><\/p>\n\n<p class=\"gb-headline gb-headline-cee640fe gb-headline-text\">Au Palais f\u00e9d\u00e9ral, la gauche, la droite et les employeurs se disputent au sujet des subventions massives pour la prise en charge des enfants dans les cr\u00e8ches. Des experts mettent d\u00e9sormais en garde contre le fait qu&rsquo;une prise en charge familiale pr\u00e9coce peut \u00eatre n\u00e9faste si la qualit\u00e9 n&rsquo;est pas au rendez-vous. Le bien-\u00eatre des &#8230; <a title=\"Et qu&rsquo;en est-il de nos enfants&nbsp;?\" class=\"read-more\" href=\"https:\/\/alphasprachwelt.ch\/fr\/et-quen-est-il-de-nos-enfants\/\" aria-label=\"En savoir plus sur Et qu&rsquo;en est-il de nos enfants&nbsp;?\">Lire la suite<\/a><\/p>\n<\/article><\/div>\n\n<div class=\"gb-grid-column gb-grid-column-cddbd4bf gb-query-loop-item post-1246 post type-post status-publish format-standard has-post-thumbnail hentry category-numerique\"><article class=\"gb-container gb-container-cddbd4bf\">\n<figure class=\"gb-block-image gb-block-image-9a71f806\"><a href=\"https:\/\/alphasprachwelt.ch\/fr\/elle-est-plus-belle-et-plus-performante-que-toutes-les-autres-mais-pas-humaine\/\"><img loading=\"lazy\" decoding=\"async\" width=\"1024\" height=\"575\" src=\"https:\/\/alphasprachwelt.ch\/wp-content\/uploads\/2023\/09\/image-1024x575.webp\" class=\"gb-image-9a71f806\" alt=\"\" srcset=\"https:\/\/alphasprachwelt.ch\/wp-content\/uploads\/2023\/09\/image-1024x575.webp 1024w, https:\/\/alphasprachwelt.ch\/wp-content\/uploads\/2023\/09\/image-300x168.webp 300w, https:\/\/alphasprachwelt.ch\/wp-content\/uploads\/2023\/09\/image-768x431.webp 768w, https:\/\/alphasprachwelt.ch\/wp-content\/uploads\/2023\/09\/image.webp 1245w\" sizes=\"auto, (max-width: 1024px) 100vw, 1024px\" \/><\/a><\/figure>\n\n<div class=\"gb-container gb-container-34733089\">\n<p class=\"gb-headline gb-headline-8b9307e2 gb-headline-text\"><time class=\"entry-date published\" datetime=\"2023-07-21T10:02:00+00:00\">juillet 21, 2023<\/time><\/p>\n\n<a class=\"gb-button gb-button-edd06320 gb-button-text post-term-item post-term-numerique\" href=\"https:\/\/alphasprachwelt.ch\/fr\/numerique\/\">Num\u00e9rique<\/a>\n<\/div>\n\n<h2 class=\"gb-headline gb-headline-84c460cc gb-headline-text\"><a href=\"https:\/\/alphasprachwelt.ch\/fr\/elle-est-plus-belle-et-plus-performante-que-toutes-les-autres-mais-pas-humaine\/\">Elle est plus belle et plus performante que toutes les autres, mais pas humaine<\/a><\/h2>\n\n<p class=\"gb-headline gb-headline-20eaa387 gb-headline-text\"><a href=\"https:\/\/alphasprachwelt.ch\/fr\/author\/adminalpha\/\">Anja Davis<\/a><\/p>\n\n<p class=\"gb-headline gb-headline-cee640fe gb-headline-text\">Les influenceuses virtuelles sont de plus en plus r\u00e9alistes. Elles sont mannequins pour des marques de luxe, ont des chansons virales sur YouTube et gagnent des millions gr\u00e2ce \u00e0 cela. Auriez-vous remarqu\u00e9, en regardant les photos ci-dessus, que Milla Sofia n&rsquo;est pas une vraie influenceuse\u00a0? Les influenceuses robots comme elle sont de plus en plus &#8230; <a title=\"Elle est plus belle et plus performante que toutes les autres, mais pas humaine\" class=\"read-more\" href=\"https:\/\/alphasprachwelt.ch\/fr\/elle-est-plus-belle-et-plus-performante-que-toutes-les-autres-mais-pas-humaine\/\" aria-label=\"En savoir plus sur Elle est plus belle et plus performante que toutes les autres, mais pas humaine\">Lire la suite<\/a><\/p>\n<\/article><\/div>\n<\/div>\n\n<\/section><\/div>\n<\/div>\n<\/section>","protected":false},"excerpt":{"rendered":"","protected":false},"author":3,"featured_media":0,"parent":0,"menu_order":0,"comment_status":"closed","ping_status":"closed","template":"","meta":{"footnotes":""},"class_list":["post-1252","page","type-page","status-publish"],"yoast_head":"<!-- This site is optimized with the Yoast SEO plugin v21.2 - https:\/\/yoast.com\/wordpress\/plugins\/seo\/ -->\n<title>Alpha Sprachwelt\u00a0: Actualit\u00e9s et gros titres de Suisse<\/title>\n<meta name=\"robots\" content=\"index, follow, max-snippet:-1, max-image-preview:large, max-video-preview:-1\" \/>\n<link rel=\"canonical\" href=\"https:\/\/alphasprachwelt.ch\/fr\/\" \/>\n<meta property=\"og:locale\" content=\"fr_FR\" \/>\n<meta property=\"og:type\" content=\"article\" \/>\n<meta property=\"og:title\" content=\"Alpha Sprachwelt\u00a0: Actualit\u00e9s et gros titres de Suisse\" \/>\n<meta property=\"og:url\" content=\"https:\/\/alphasprachwelt.ch\/fr\/\" \/>\n<meta property=\"og:site_name\" content=\"Alpha Sprachwelt\" \/>\n<meta property=\"article:modified_time\" content=\"2025-08-20T08:35:35+00:00\" \/>\n<meta name=\"twitter:card\" content=\"summary_large_image\" \/>\n<script type=\"application\/ld+json\" class=\"yoast-schema-graph\">{\"@context\":\"https:\/\/schema.org\",\"@graph\":[{\"@type\":\"WebPage\",\"@id\":\"https:\/\/alphasprachwelt.ch\/fr\/\",\"url\":\"https:\/\/alphasprachwelt.ch\/fr\/\",\"name\":\"Alpha Sprachwelt\u00a0: Actualit\u00e9s et gros titres de Suisse\",\"isPartOf\":{\"@id\":\"https:\/\/alphasprachwelt.ch\/fr\/#website\"},\"datePublished\":\"2023-06-07T01:28:14+00:00\",\"dateModified\":\"2025-08-20T08:35:35+00:00\",\"breadcrumb\":{\"@id\":\"https:\/\/alphasprachwelt.ch\/fr\/#breadcrumb\"},\"inLanguage\":\"fr-FR\",\"potentialAction\":[{\"@type\":\"ReadAction\",\"target\":[\"https:\/\/alphasprachwelt.ch\/fr\/\"]}]},{\"@type\":\"BreadcrumbList\",\"@id\":\"https:\/\/alphasprachwelt.ch\/fr\/#breadcrumb\",\"itemListElement\":[{\"@type\":\"ListItem\",\"position\":1,\"name\":\"Accueil\",\"item\":\"https:\/\/alphasprachwelt.ch\/fr\/accueil\/\"},{\"@type\":\"ListItem\",\"position\":2,\"name\":\"Accueil\"}]},{\"@type\":\"WebSite\",\"@id\":\"https:\/\/alphasprachwelt.ch\/fr\/#website\",\"url\":\"https:\/\/alphasprachwelt.ch\/fr\/\",\"name\":\"Alpha Sprachwelt: Nachrichten und schlagzeilen aus der schweiz\",\"description\":\"\",\"publisher\":{\"@id\":\"https:\/\/alphasprachwelt.ch\/fr\/#organization\"},\"potentialAction\":[{\"@type\":\"SearchAction\",\"target\":{\"@type\":\"EntryPoint\",\"urlTemplate\":\"https:\/\/alphasprachwelt.ch\/fr\/?s={search_term_string}\"},\"query-input\":\"required name=search_term_string\"}],\"inLanguage\":\"fr-FR\"},{\"@type\":\"Organization\",\"@id\":\"https:\/\/alphasprachwelt.ch\/fr\/#organization\",\"name\":\"Alpha Sprachwel\",\"url\":\"https:\/\/alphasprachwelt.ch\/fr\/\",\"logo\":{\"@type\":\"ImageObject\",\"inLanguage\":\"fr-FR\",\"@id\":\"https:\/\/alphasprachwelt.ch\/fr\/#\/schema\/logo\/image\/\",\"url\":\"https:\/\/alphasprachwelt.ch\/wp-content\/uploads\/2023\/09\/Alpha__2_-removebg-preview.png\",\"contentUrl\":\"https:\/\/alphasprachwelt.ch\/wp-content\/uploads\/2023\/09\/Alpha__2_-removebg-preview.png\",\"width\":200,\"height\":80,\"caption\":\"Alpha Sprachwel\"},\"image\":{\"@id\":\"https:\/\/alphasprachwelt.ch\/fr\/#\/schema\/logo\/image\/\"}}]}<\/script>\n<!-- \/ Yoast SEO plugin. -->","yoast_head_json":{"title":"Alpha Sprachwelt\u00a0: Actualit\u00e9s et gros titres de Suisse","robots":{"index":"index","follow":"follow","max-snippet":"max-snippet:-1","max-image-preview":"max-image-preview:large","max-video-preview":"max-video-preview:-1"},"canonical":"https:\/\/alphasprachwelt.ch\/fr\/","og_locale":"fr_FR","og_type":"article","og_title":"Alpha Sprachwelt\u00a0: Actualit\u00e9s et gros titres de Suisse","og_url":"https:\/\/alphasprachwelt.ch\/fr\/","og_site_name":"Alpha Sprachwelt","article_modified_time":"2025-08-20T08:35:35+00:00","twitter_card":"summary_large_image","schema":{"@context":"https:\/\/schema.org","@graph":[{"@type":"WebPage","@id":"https:\/\/alphasprachwelt.ch\/fr\/","url":"https:\/\/alphasprachwelt.ch\/fr\/","name":"Alpha Sprachwelt\u00a0: Actualit\u00e9s et gros titres de Suisse","isPartOf":{"@id":"https:\/\/alphasprachwelt.ch\/fr\/#website"},"datePublished":"2023-06-07T01:28:14+00:00","dateModified":"2025-08-20T08:35:35+00:00","breadcrumb":{"@id":"https:\/\/alphasprachwelt.ch\/fr\/#breadcrumb"},"inLanguage":"fr-FR","potentialAction":[{"@type":"ReadAction","target":["https:\/\/alphasprachwelt.ch\/fr\/"]}]},{"@type":"BreadcrumbList","@id":"https:\/\/alphasprachwelt.ch\/fr\/#breadcrumb","itemListElement":[{"@type":"ListItem","position":1,"name":"Accueil","item":"https:\/\/alphasprachwelt.ch\/fr\/accueil\/"},{"@type":"ListItem","position":2,"name":"Accueil"}]},{"@type":"WebSite","@id":"https:\/\/alphasprachwelt.ch\/fr\/#website","url":"https:\/\/alphasprachwelt.ch\/fr\/","name":"Alpha Sprachwelt: Nachrichten und schlagzeilen aus der schweiz","description":"","publisher":{"@id":"https:\/\/alphasprachwelt.ch\/fr\/#organization"},"potentialAction":[{"@type":"SearchAction","target":{"@type":"EntryPoint","urlTemplate":"https:\/\/alphasprachwelt.ch\/fr\/?s={search_term_string}"},"query-input":"required name=search_term_string"}],"inLanguage":"fr-FR"},{"@type":"Organization","@id":"https:\/\/alphasprachwelt.ch\/fr\/#organization","name":"Alpha Sprachwel","url":"https:\/\/alphasprachwelt.ch\/fr\/","logo":{"@type":"ImageObject","inLanguage":"fr-FR","@id":"https:\/\/alphasprachwelt.ch\/fr\/#\/schema\/logo\/image\/","url":"https:\/\/alphasprachwelt.ch\/wp-content\/uploads\/2023\/09\/Alpha__2_-removebg-preview.png","contentUrl":"https:\/\/alphasprachwelt.ch\/wp-content\/uploads\/2023\/09\/Alpha__2_-removebg-preview.png","width":200,"height":80,"caption":"Alpha Sprachwel"},"image":{"@id":"https:\/\/alphasprachwelt.ch\/fr\/#\/schema\/logo\/image\/"}}]}},"_links":{"self":[{"href":"https:\/\/alphasprachwelt.ch\/fr\/wp-json\/wp\/v2\/pages\/1252","targetHints":{"allow":["GET"]}}],"collection":[{"href":"https:\/\/alphasprachwelt.ch\/fr\/wp-json\/wp\/v2\/pages"}],"about":[{"href":"https:\/\/alphasprachwelt.ch\/fr\/wp-json\/wp\/v2\/types\/page"}],"author":[{"embeddable":true,"href":"https:\/\/alphasprachwelt.ch\/fr\/wp-json\/wp\/v2\/users\/3"}],"replies":[{"embeddable":true,"href":"https:\/\/alphasprachwelt.ch\/fr\/wp-json\/wp\/v2\/comments?post=1252"}],"version-history":[{"count":1,"href":"https:\/\/alphasprachwelt.ch\/fr\/wp-json\/wp\/v2\/pages\/1252\/revisions"}],"predecessor-version":[{"id":1253,"href":"https:\/\/alphasprachwelt.ch\/fr\/wp-json\/wp\/v2\/pages\/1252\/revisions\/1253"}],"wp:attachment":[{"href":"https:\/\/alphasprachwelt.ch\/fr\/wp-json\/wp\/v2\/media?parent=1252"}],"curies":[{"name":"wp","href":"https:\/\/api.w.org\/{rel}","templated":true}]}}